{"id":3,"date":"2023-11-02T14:48:04","date_gmt":"2023-11-02T14:48:04","guid":{"rendered":"https:\/\/lipride.lgbt\/?page_id=3"},"modified":"2024-01-18T19:06:50","modified_gmt":"2024-01-18T19:06:50","slug":"privacy-policy","status":"publish","type":"page","link":"https:\/\/lipride.lgbt\/?page_id=3","title":{"rendered":"Datenschutz"},"content":{"rendered":"\n<p class=\"has-text-align-center\"><strong><span style=\"text-decoration: underline;\">Datenschutzerkl\u00e4rung<\/span><\/strong><\/p>\n\n\n\n<p><strong>Der Verein FLay verarbeitet personenbezogene Daten. Er unterliegt dabei, soweit gesetzlich nichts anderes bestimmt ist, den Vorschriften des Liechtensteinischen Datenschutzgesetzes (DSG) sowie den Vorgaben der EU-Datenschutzverordnung (DSGVO).<\/strong><\/p>\n\n\n\n<p class=\"has-text-align-center\"><span style=\"text-decoration: underline;\"><strong>Verantwortlicher<\/strong><br><\/span>Verantwortlich betreffend Nutzung der Webseite im Sinne der Datenschutz-Grundverordnung (DSGVO) ist die K\u00f6rperschaft \u00abVerein FLay\u00bb<\/p>\n\n\n\n<p class=\"has-text-align-center\"><span style=\"text-decoration: underline;\"><strong>Impressum<\/strong><br><\/span>Verein FLay<br>Landstrasse 116<br>FL-9490 Vaduz<br>E-Mail: info@flay.li<br>Webseite: <a href=\"http:\/\/www.flay.lgbt\">www.flay.lgbt<\/a><\/p>\n\n\n\n<p class=\"has-text-align-center\"><span style=\"text-decoration: underline;\"><strong>Informationen gem\u00e4ss den Vorgaben der EU-Datenschutzgrundverordnung, insbesondere Art. 12 bis 14 DSGVO:<\/strong><br><\/span>Welche Daten von Ihnen im Einzelnen verarbeitet und in welcher Weise genutzt werden, richtet sich massgeblich nach der Art und Weise, wie Sie die Dienstleistungen des Vereins FLay nutzen.<br>Im Folgenden finden Sie zuerst allgemeine Angaben zum Datenschutz des Verein FLay. Anschliessend sind Informationen zur Nutzung der Webseiten des Verein FLay aufgef\u00fchrt.<\/p>\n\n\n\n<p><strong>Besondere Angaben zu wesentlichen Begrifflichkeiten, zur Datenverarbeitung und zu den Rechtsgrundlagen sowie zu den Rechten betroffener Personen<\/strong><\/p>\n\n\n\n<p class=\"has-text-align-center\"><span style=\"text-decoration: underline;\"><strong>Definition personenbezogene Daten und sensible Daten<\/strong><br><\/span>Personenbezogene Daten sind alle Informationen, die sich auf eine identifizierte oder identifizierbare nat\u00fcrliche Person beziehen. Keine personenbezogenen Daten sind vollst\u00e4ndig anonymisierte Informationen. Als identifizierbar wird eine nat\u00fcrliche Person angesehen, die direkt oder indirekt, insbesondere mittels Zuordnung zu einer Kennung wie einem Namen, zu einer Kennnummer, zu Standortdaten, zu einer Online-Kennung (IP-Adresse) oder zu einem oder mehreren besonderen Merkmalen, die Ausdruck der physischen, physiologischen, genetischen, psychischen, wirtschaftlichen, kulturellen oder sozialen Identit\u00e4t dieser nat\u00fcrlichen Person sind, identifiziert werden kann.<br>Unter personenbezogene Daten fallen insbesondere Angaben wie Ihr (richtiger) Name, die Adresse oder die Telefonnummer. Auch Ihre E-Mail-Adresse kann dazu geh\u00f6ren, soweit diese Ihren Namen enth\u00e4lt und sich hierdurch Ihre Identit\u00e4t bestimmen l\u00e4sst. Informationen ohne jeglichen Bezug zu Ihrer Identit\u00e4t, z.B. nur das Alter oder das Geschlecht, sind keine personenbezogenen Daten.<br>Sensible Daten sind personenbezogene Daten, aus denen ethnische Herkunft, politische Meinungen, religi\u00f6se oder weltanschauliche \u00dcberzeugungen oder die Gewerkschaftszugeh\u00f6rigkeit hervorgehen. Ebenso f\u00e4llt unter die Kategorie der sensiblen Daten die Verarbeitung von genetischen Daten, biometrischen Daten zur eindeutigen Identifizierung einer nat\u00fcrlichen Person, Gesundheitsdaten oder Daten zum Sexualleben oder der sexuellen Orientierung einer nat\u00fcrlichen Person. Der Verein FLay erfasst grunds\u00e4tzlich keine sensiblen Daten.<\/p>\n\n\n\n<p class=\"has-text-align-center\"><span style=\"text-decoration: underline;\"><strong>Betroffene Person<\/strong><br><\/span>Betroffene Person ist jede identifizierte oder identifizierbare nat\u00fcrliche Person, deren personenbezogene Daten von dem f\u00fcr die Verarbeitung Verantwortlichen verarbeitet werden.<\/p>\n\n\n\n<p class=\"has-text-align-center\"><span style=\"text-decoration: underline;\"><strong>Erhebung und Verarbeitung personenbezogener Daten<\/strong><br><\/span>Grunds\u00e4tzlich k\u00f6nnen Sie die Webseite des Verein FLay ohne die aktive Angabe personenbezogener Daten nutzen. Erst wenn Sie sich \u00fcber das Kontaktformular an uns richten oder andere Online-Formulare verwenden, m\u00fcssen Sie sich pers\u00f6nlich identifizieren.<br>Erst wenn Sie \u00fcber die Webseite einen Antrag oder eine Frage stellen, bearbeitet der Verein FLay Ihre personenbezogenen Daten. Die Erhebung und die Verarbeitung personenbezogener Daten durch den Verein FLay erfolgt unter Anwendung der Vorgaben der EU-Datenschutzgrundverordnung (DSGVO), dem nationalen Datenschutzgesetz sowie allf\u00e4lligen nationalen Spezialgesetzen. Die Verarbeitung personenbezogener Daten durch den Verein FLay kann u.a. durch Erheben, Speichern, Verwenden, \u00dcbermitteln, Bereitstellen zum Abruf oder durch L\u00f6schen und Vernichten erfolgen.<\/p>\n\n\n\n<p class=\"has-text-align-center\"><span style=\"text-decoration: underline;\"><strong>Rechtsgrundlage<\/strong><br><\/span>Unter dem Namen \u00abFLay\u00bb besteht ein Verein gem\u00e4ss Art. 264 ff. des Liechtensteinischen Personen- und Gesellschaftsrecht (PGR) und den Vereinsstatuten. Die Rechtsgrundlagen f\u00fcr die Verarbeitung Ihrer personenbezogenen Daten ergeben sich aus Art. 6 Abs. 1 Bst. e der Datenschutzgrundverordnung (DSGVO) in Verbindung mit Art. 4 des Liechtensteinischen Datenschutzgesetzes (DSG). Diese Rechtsgrundlagen erlauben es dem Verein FLay, Ihre personenbezogenen Daten zu verarbeiten, welche zur Erf\u00fcllung des Vereinszwecks erforderlich sind.<\/p>\n\n\n\n<p class=\"has-text-align-center\"><span style=\"text-decoration: underline;\"><strong>Weitergabe von Daten an Dritte<\/strong><br><\/span>Grunds\u00e4tzlich ist eine Weitergabe Ihrer Daten an Dritte unwahrscheinlich. Eine Weitergabe von Daten an Dritte erfolgt nur im Rahmen der gesetzlichen Vorschriften. Es k\u00f6nnen Dienstleistungen von Drittanbietern in Anspruch genommen werden, welche dann als sogenannte Auftragsverarbeiter verpflichtet werden, die datenschutzrechtlichen Belange und Vorgaben einzuhalten. Der Auftragsverarbeiter ist eine nat\u00fcrliche oder juristische Person, Beh\u00f6rde, Einrichtung oder andere Stelle, die personenbezogene Daten im Auftrag des Verantwortlichen verarbeitet.<\/p>\n\n\n\n<p class=\"has-text-align-center\"><span style=\"text-decoration: underline;\"><strong>Daten\u00fcbermittlung in ein Drittland \/ ausserhalb der EU<\/strong><br><\/span>Eine \u00dcbermittlung personenbezogener Daten an Dienstleister ausserhalb der EU\/EWR ist ausgeschlossen.<\/p>\n\n\n\n<p class=\"has-text-align-center\"><span style=\"text-decoration: underline;\"><strong>Dauer der Speicherung und L\u00f6schung der personenbezogenen Daten<br><\/strong><\/span>Ihre Daten werden nach der Erhebung durch den Verein FLay so lange gespeichert, wie dies unter Beachtung gesetzlicher Aufbewahrungsfristen f\u00fcr die jeweilige Aufgabenerf\u00fcllung erforderlich ist. Eine \u00dcbersicht \u00fcber die gesetzlichen Aufbewahrungsfristen findet sich auf der Webseite der Aufsichtsbeh\u00f6rde\u00a0<a href=\"https:\/\/www.datenschutzstelle.li\/\">www.datenschutzstelle.li<\/a>\u00a0unter dem Punkt Services.<br>Die bei dem Verein FLay gespeicherten Daten werden gel\u00f6scht, sobald sie f\u00fcr ihre Zweckbestimmung nicht mehr erforderlich sind und der L\u00f6schung keine gesetzlichen Aufbewahrungspflichten entgegenstehen. Sofern die Daten der betroffenen Personen nicht gel\u00f6scht werden, weil sie f\u00fcr andere und gesetzlich zul\u00e4ssige Zwecke erforderlich sind, wird deren Verarbeitung eingeschr\u00e4nkt.<\/p>\n\n\n\n<p class=\"has-text-align-center\"><strong><span style=\"text-decoration: underline;\">Ihre Rechte als betroffene Person<\/span><\/strong><\/p>\n\n\n\n<p class=\"has-text-align-center\"><span style=\"text-decoration: underline;\"><strong>Auskunftsrecht<\/strong><br><\/span>Sie haben jederzeit das Recht, formlos und ohne Begr\u00fcndung, Auskunft \u00fcber die bez\u00fcglich Ihrer Person gespeicherten Daten zu bekommen. Dies gilt auch f\u00fcr deren Herkunft sowie Empf\u00e4nger und zudem f\u00fcr den Zweck der Speicherung. Diese Auskunft erhalten Sie kostenlos (Art. 15 DSGVO). Anfragen um Auskunft \u00fcber Ihre gespeicherten Daten richten Sie direkt an den Verein FLay.<\/p>\n\n\n\n<p class=\"has-text-align-center\"><span style=\"text-decoration: underline;\"><strong>Berichtigung, Einschr\u00e4nkung der Verarbeitung, L\u00f6schung, Beschwerde, Widerruf einer Einwilligung<\/strong><br><\/span>Zus\u00e4tzlich haben Sie das Recht auf Berichtigung unrichtiger Daten, Einschr\u00e4nkung der Verarbeitung und L\u00f6schung Ihrer personenbezogenen Daten (Art. 16 DSGVO, Art. 17 DSGVO, Art. 18 DSGVO). Im Fall der Annahme einer unrechtm\u00e4ssigen Datenverarbeitung k\u00f6nnen Sie jederzeit Beschwerde bei der der Datenschutzstelle (DSS),\u00a0<a href=\"https:\/\/www.datenschutzstelle.li\/\">www.datenschutzstelle.li<\/a>, einreichen. Haben Sie dem Verein FLay eine Einwilligung erteilt, k\u00f6nnen Sie diese grunds\u00e4tzlich jederzeit mit Wirkung f\u00fcr die Zukunft widerrufen (Art. 7 DSGVO).<\/p>\n\n\n\n<p class=\"has-text-align-center\"><strong><span style=\"text-decoration: underline;\">Allgemeines zum Besuch der Webseite des Verein FLay<\/span><\/strong><\/p>\n\n\n\n<p class=\"has-text-align-center\"><span style=\"text-decoration: underline;\"><strong>Freiwillige pers\u00f6nliche Angaben<\/strong><br><\/span>Unsere Verarbeitung personenbezogener Daten unserer Nutzer beschr\u00e4nkt sich auf jene Daten, die zur Bereitstellung einer funktionsf\u00e4higen Internetseite sowie unserer Inhalte und Dienstleistungen erforderlich sind. Die Verarbeitung personenbezogener Daten unserer Nutzer erfolgt nur zu den mit ihnen vereinbarten Zwecken oder wenn eine sonstige rechtliche Grundlage (im Sinn der DSGVO) vorliegt. Es werden nur solche personenbezogenen Daten erhoben, die f\u00fcr die Durchf\u00fchrung und Abwicklung unserer Aufgaben und Leistungen tats\u00e4chlich erforderlich sind oder die Sie uns freiwillig zur Verf\u00fcgung gestellt haben. <br><br>Dies sind:<br>\u2022 Kontaktdaten (z.B. Mailadresse)<br>\u2022 Inhaltsdaten (z.B. Texteingaben)<br>\u2022 Nutzungsdaten (z.B. besuchte Webseiten, Interesse an Inhalten, Zugriffszeiten)<br>\u2022 Meta-\/Kommunikationsdaten (z. B. Ger\u00e4te- und Browser-Informationen, IP-Adresse)<br><br>Sobald Sie unsere Webseite sowie die auf unserer Webseite eingebetteten Online-Dienstleistungen aufrufen, werden auf unseren Webservern die IP-Adresse, die URL-Adresse der aufgerufenen Seite, das Datum und die Uhrzeit des Zugriffs sowie Angaben zum Browser (Programm, Version, PC oder Mobile usw.) in sogenannten Logdateien (Webserverprotokoll) gespeichert. Diese Protokollierungen dienen ausschliesslich technischen Zwecken \u2013 z. B. zur Abkl\u00e4rung von technischen Problemen \u2013 sowie zur Informationssicherheit; sie werden weder anderweitig ausgewertet noch mit anderen Daten verkn\u00fcpft. Diese Protokollierungsdaten werden sp\u00e4testens nach einem Jahr gel\u00f6scht.<\/p>\n\n\n\n<p class=\"has-text-align-center\"><span style=\"text-decoration: underline;\"><strong>Zweck der Verarbeitung<\/strong><br><\/span>\u2022 Zurverf\u00fcgungstellung des gegenst\u00e4ndlichen Webauftritts, seiner Funktionen und Inhalte<br>\u2022 Beantwortung von Kontaktanfragen und Kommunikation mit Interessenten<br>\u2022 Erbringen der in den Inhalten beschriebenen Leistungen<br>\u2022 Sicherheitsmassnahmen<br>\u2022 Reichweitenmessung und Statistik<\/p>\n\n\n\n<p class=\"has-text-align-center\"><span style=\"text-decoration: underline;\"><strong>Massgebliche Rechtsgrundlagen betreffend Internetauftritt<\/strong><br><\/span>Die Rechtsgrundlagen f\u00fcr die Datenverarbeitung im Zusammenhang mit unserer Webseite sind die in der Liechtensteinischen Gesetzgebung und der DSGVO enthaltenen Bedingungen.<\/p>\n\n\n\n<p class=\"has-text-align-center\"><span style=\"text-decoration: underline;\"><strong>L\u00f6schung von personenbezogenen Daten<\/strong><br><\/span>Die von uns verarbeiteten Daten werden nach Massgabe der Art. 17 und 18 DSGVO gel\u00f6scht oder in ihrer Verarbeitung eingeschr\u00e4nkt. Sofern nicht im Rahmen dieser Datenschutzerkl\u00e4rung ausdr\u00fccklich angegeben, werden die bei uns gespeicherten Daten gel\u00f6scht, sobald sie f\u00fcr ihre Zweckbestimmung nicht mehr erforderlich sind und der L\u00f6schung keine gesetzlichen Aufbewahrungspflichten entgegenstehen.<\/p>\n\n\n\n<p class=\"has-text-align-center\"><span style=\"text-decoration: underline;\"><strong>Cookies<\/strong><br><\/span>Wir erheben auf unserer Webseite keine Cookies.<\/p>\n\n\n\n<p class=\"has-text-align-center\"><span style=\"text-decoration: underline;\"><strong>Webanalyse<\/strong><br><\/span>Wir f\u00fchren auf unserer Internetseite keine eigenen Webanalysen durch und verwenden auch kein Webanalyse-Dienste von externen Dienstleistern wie z.B. Google Analytics von Google LLC (\u201eGoogle\u201c). Somit erfolgt keine Auswertung der zuvor erw\u00e4hnten Besucher- und Nutzungsdaten.<\/p>\n\n\n\n<p class=\"has-text-align-center\"><span style=\"text-decoration: underline;\"><strong>Kontaktformular<\/strong><br><\/span>F\u00fcllen Sie unser Kontaktformular aus oder senden Sie uns eine Mail oder eine sonstige elektronische Nachricht, werden Ihre Angaben nur f\u00fcr die Bearbeitung der Anfrage, m\u00f6gliche damit zusammenh\u00e4ngende weitere Fragen, gespeichert und nur im Rahmen der Anfrage verwendet. Die in unseren Online-Formularen eingegebenen Daten werden immer verschl\u00fcsselt (https) \u00fcbertragen.<br>Rechtsgrundlage f\u00fcr die Bearbeitung Ihrer Anfrage ist Art. 6 Abs. 1 S. 1 lit. b DSGVO.<br>Wir werden Ihre E-Mail-Adresse nach Erledigung Ihrer Anfrage l\u00f6schen.<\/p>\n\n\n\n<p class=\"has-text-align-center\"><strong><span style=\"text-decoration: underline;\">Dateidownload<\/span><\/strong><br>Wir verlangen von Ihnen keine pers\u00f6nlichen Angaben, damit Sie Dateien von unserer Internetseite herunterladen k\u00f6nnen.<\/p>\n\n\n\n<p class=\"has-text-align-center\"><span style=\"text-decoration: underline;\"><strong>Social Plugins und Anzeige von Google Maps<\/strong><br><\/span>Alle eingebundenen Social-Plugins funktionieren \u00fcber das 2-Klick-Verfahren; das heisst, dass das Aufzeichnen Ihres Surfverhaltens durch ein Plugin erst dann startet, wenn Sie das entsprechende Plugin durch Anklicken \u00fcberhaupt erst aktivieren. Falls Sie gleichzeitig mit dem Besuch unserer Internetseite bspw. auch mit Ihrem Konto einer Social-Media-Plattform angemeldet sind, kann der Seitenbesuch nach der Aktivierung des Plugins (erster Klick) Ihrem Benutzerkonto zugeordnet werden.<br>Die Icons der sozialen Netzwerke, wie z.B. Facebook, Instagram oder YouTube, sind auf unserem eigenen Webserver gespeichert. Diese verlinken lediglich auf die entsprechenden Webseiten, erm\u00f6glichen aber kein Tracking. Es werden auch keine Daten an Google Maps gesendet.<\/p>\n\n\n\n<p class=\"has-text-align-center\"><span style=\"text-decoration: underline;\"><strong>Datensicherheit<\/strong><br><\/span>Wir verwenden innerhalb des Webseite-Besuchs das verbreitete SSL-Verfahren in Verbindung mit der jeweils h\u00f6chsten Verschl\u00fcsselungsstufe, die von Ihrem Browser unterst\u00fctzt wird. Ob eine einzelne Seite unseres Internetauftrittes verschl\u00fcsselt \u00fcbertragen wird, erkennen Sie an der geschlossenen Darstellung des Schl\u00fcssel- beziehungsweise Schloss-Symbols in der Adressleiste Ihres Browsers.<br>Dar\u00fcber hinaus wenden wir weitere geeignete technische und organisatorische Sicherheitsmassnahmen an, um Ihre Daten gegen zuf\u00e4llige oder vors\u00e4tzliche Manipulationen, teilweisen oder vollst\u00e4ndigen Verlust, Zerst\u00f6rung oder gegen den unbefugten Zugriff Dritter zu sch\u00fctzen. Unsere Sicherheitsmassnahmen werden entsprechend der technologischen Entwicklung fortlaufend verbessert.<\/p>\n\n\n\n<p><strong>Aufsichtsbeh\u00f6rde als Beschwerdeinstanz<\/strong><br>Im Falle einer von Ihnen einzureichenden Beschwerde \u00fcber den Verein FLay betreffend Datenverarbeitung ist die Datenschutzstelle als Aufsichtsbeh\u00f6rde zust\u00e4ndig und wie folgt zu erreichen:<br>Datenschutzstelle F\u00fcrstentum Liechtenstein<br>St\u00e4dtle 38<br>Postfach 684<br>FL-9490 Vaduz<br>T +423 236 60 90<br><a href=\"mailto:info.dss@llv.li\">info.dss@llv.li<\/a><br><a href=\"https:\/\/www.datenschutzstelle.li\/\">www.datenschutzstelle.li<\/a><\/p>\n","protected":false},"excerpt":{"rendered":"<p>Datenschutzerkl\u00e4rung Der Verein FLay verarbeitet personenbezogene Daten. Er unterliegt dabei, soweit gesetzlich nichts anderes bestimmt ist, den Vorschriften des Liechtensteinischen Datenschutzgesetzes (DSG) sowie den Vorgaben der EU-Datenschutzverordnung (DSGVO). VerantwortlicherVerantwortlich betreffend Nutzung der Webseite im Sinne der Datenschutz-Grundverordnung (DSGVO) ist die K\u00f6rperschaft \u00abVerein FLay\u00bb ImpressumVerein FLayLandstrasse 116FL-9490 VaduzE-Mail: info@flay.liWebseite: www.flay.lgbt Informationen gem\u00e4ss den Vorgaben der EU-Datenschutzgrundverordnung, [&hellip;]<\/p>\n","protected":false},"author":1,"featured_media":0,"parent":0,"menu_order":0,"comment_status":"closed","ping_status":"open","template":"","meta":{"site-sidebar-layout":"default","site-content-layout":"","ast-site-content-layout":"default","site-content-style":"default","site-sidebar-style":"default","ast-global-header-display":"","ast-banner-title-visibility":"","ast-main-header-display":"","ast-hfb-above-header-display":"","ast-hfb-below-header-display":"","ast-hfb-mobile-header-display":"","site-post-title":"","ast-breadcrumbs-content":"","ast-featured-img":"","footer-sml-layout":"","ast-disable-related-posts":"","theme-transparent-header-meta":"","adv-header-id-meta":"","stick-header-meta":"","header-above-stick-meta":"","header-main-stick-meta":"","header-below-stick-meta":"","astra-migrate-meta-layouts":"default","ast-page-background-enabled":"default","ast-page-background-meta":{"desktop":{"background-color":"var(--ast-global-color-4)","background-image":"","background-repeat":"repeat","background-position":"center center","background-size":"auto","background-attachment":"scroll","background-type":"","background-media":"","overlay-type":"","overlay-color":"","overlay-opacity":"","overlay-gradient":""},"tablet":{"background-color":"","background-image":"","background-repeat":"repeat","background-position":"center center","background-size":"auto","background-attachment":"scroll","background-type":"","background-media":"","overlay-type":"","overlay-color":"","overlay-opacity":"","overlay-gradient":""},"mobile":{"background-color":"","background-image":"","background-repeat":"repeat","background-position":"center center","background-size":"auto","background-attachment":"scroll","background-type":"","background-media":"","overlay-type":"","overlay-color":"","overlay-opacity":"","overlay-gradient":""}},"ast-content-background-meta":{"desktop":{"background-color":"var(--ast-global-color-5)","background-image":"","background-repeat":"repeat","background-position":"center center","background-size":"auto","background-attachment":"scroll","background-type":"","background-media":"","overlay-type":"","overlay-color":"","overlay-opacity":"","overlay-gradient":""},"tablet":{"background-color":"var(--ast-global-color-5)","background-image":"","background-repeat":"repeat","background-position":"center center","background-size":"auto","background-attachment":"scroll","background-type":"","background-media":"","overlay-type":"","overlay-color":"","overlay-opacity":"","overlay-gradient":""},"mobile":{"background-color":"var(--ast-global-color-5)","background-image":"","background-repeat":"repeat","background-position":"center center","background-size":"auto","background-attachment":"scroll","background-type":"","background-media":"","overlay-type":"","overlay-color":"","overlay-opacity":"","overlay-gradient":""}},"jetpack_post_was_ever_published":false,"footnotes":""},"class_list":["post-3","page","type-page","status-publish","hentry"],"jetpack_sharing_enabled":true,"_links":{"self":[{"href":"https:\/\/lipride.lgbt\/index.php?rest_route=\/wp\/v2\/pages\/3","targetHints":{"allow":["GET"]}}],"collection":[{"href":"https:\/\/lipride.lgbt\/index.php?rest_route=\/wp\/v2\/pages"}],"about":[{"href":"https:\/\/lipride.lgbt\/index.php?rest_route=\/wp\/v2\/types\/page"}],"author":[{"embeddable":true,"href":"https:\/\/lipride.lgbt\/index.php?rest_route=\/wp\/v2\/users\/1"}],"replies":[{"embeddable":true,"href":"https:\/\/lipride.lgbt\/index.php?rest_route=%2Fwp%2Fv2%2Fcomments&post=3"}],"version-history":[{"count":2,"href":"https:\/\/lipride.lgbt\/index.php?rest_route=\/wp\/v2\/pages\/3\/revisions"}],"predecessor-version":[{"id":617,"href":"https:\/\/lipride.lgbt\/index.php?rest_route=\/wp\/v2\/pages\/3\/revisions\/617"}],"wp:attachment":[{"href":"https:\/\/lipride.lgbt\/index.php?rest_route=%2Fwp%2Fv2%2Fmedia&parent=3"}],"curies":[{"name":"wp","href":"https:\/\/api.w.org\/{rel}","templated":true}]}}